{"id":28381,"date":"2017-05-15T12:14:41","date_gmt":"2017-05-15T10:14:41","guid":{"rendered":"http:\/\/www.rafal.es\/el-ayuntamiento\/normativa-municipal\/"},"modified":"2017-05-24T13:22:42","modified_gmt":"2017-05-24T11:22:42","slug":"normativa-municipal","status":"publish","type":"page","link":"https:\/\/www.rafal.es\/ca\/el-ayuntamiento\/normativa-municipal\/","title":{"rendered":"Normativa Municipal"},"content":{"rendered":"<h2>Ordenances fiscals<\/h2>\n<ul>\n<li><a href=\"https:\/\/www.rafal.es\/wp-content\/uploads\/2017\/04\/Ordenanza_IAE.pdf\">Ordenan\u00e7a IAE<\/a><\/li>\n<li><a href=\"https:\/\/www.rafal.es\/wp-content\/uploads\/2017\/04\/Ordenanza_ICIO.pdf\">Ordenan\u00e7a ICIO<\/a><\/li>\n<li><a href=\"https:\/\/www.rafal.es\/wp-content\/uploads\/2017\/04\/Ordenanza_tasa_alcantarillado.pdf\">Ordenan\u00e7a taxa clavegueram<\/a><\/li>\n<li><a href=\"https:\/\/www.rafal.es\/wp-content\/uploads\/2017\/04\/Ordenanza_cajeros_automaticos.pdf\">Ordenan\u00e7a taxa caixers autom\u00e0tics<\/a><\/li>\n<li><a href=\"https:\/\/www.rafal.es\/wp-content\/uploads\/2017\/04\/Ordenanza_tasa_derechos_examen.pdf\">Ordenan\u00e7a taxa drets examen<\/a><\/li>\n<li><a href=\"https:\/\/www.rafal.es\/wp-content\/uploads\/2017\/04\/Ordenanza_tasa_impuesto_incremento_valor_terrenos.pdf\">Ordenan\u00e7a taxa impost incremente valor terrens<\/a><\/li>\n<li><a href=\"https:\/\/www.rafal.es\/wp-content\/uploads\/2017\/04\/Ordenanza_tasa_instalacion_terrenos_uso_pubico_atracciones.pdf\">Ordenan\u00e7a taxa instal\u00b7laci\u00f3 en terrenys d&#8217;\u00fas p\u00fablic de llocs i atraccions<\/a><\/li>\n<li><a href=\"https:\/\/www.rafal.es\/wp-content\/uploads\/2017\/04\/Ordenanza_tasa_licencia_apertura_establecimientos.pdf\">Ordenan\u00e7a taxa llicencia obertura establiments<\/a><\/li>\n<li><a href=\"https:\/\/www.rafal.es\/wp-content\/uploads\/2017\/04\/Ordenanza_tasa_licencia_tenencia_animales_peligrosos.pdf\">Ordenan\u00e7a taxa llicencia tinen\u00e7a animals perillosos<\/a><\/li>\n<li><a href=\"https:\/\/www.rafal.es\/wp-content\/uploads\/2017\/04\/Ordenanza_tasa_ocupacion_terrenos_escombros.pdf\">Ordenan\u00e7a taxa ocupaci\u00f3 de terrens \u00fas p\u00fablic enderrocs<\/a><\/li>\n<li><a href=\"https:\/\/www.rafal.es\/wp-content\/uploads\/2017\/04\/Ordenanza_tasa_prestacion_servicio_mercados.pdf\">Ordenan\u00e7a taxa prestaci\u00f3 servei mercats<\/a><\/li>\n<li><a href=\"https:\/\/www.rafal.es\/wp-content\/uploads\/2017\/04\/Ordenanza_tasa_prestacion_servicios_agua_potable.pdf\">Ordenan\u00e7a taxa prestaci\u00f3 serveis aigua potable<\/a><\/li>\n<li><a href=\"https:\/\/www.rafal.es\/wp-content\/uploads\/2017\/04\/Ordenanza_tasa_curso.pdf\">Ordenan\u00e7a taxa prestaci\u00f3 servei comprats<\/a><\/li>\n<li><a href=\"https:\/\/www.rafal.es\/wp-content\/uploads\/2017\/04\/Ordenanza-tasa-servicio-piscina-e-instalaciones-deportivas.pdf\">Ordenan\u00e7a taxa servei piscina i instal\u00b7lacions esportives<\/a><\/li>\n<li><a href=\"https:\/\/www.rafal.es\/wp-content\/uploads\/2017\/04\/Ordenanza-tasa-servicio-grua-1.pdf\">Ordenan\u00e7a taxa servei grua<\/a><\/li>\n<li><a href=\"https:\/\/www.rafal.es\/wp-content\/uploads\/2017\/04\/Ordenanza-I.V.T.M..pdf\">Ordenan\u00e7a I.V.T.M.<\/a><\/li>\n<li><a href=\"https:\/\/www.rafal.es\/wp-content\/uploads\/2017\/04\/Ordenanza-tasa-expedicion-documentos-administrativos.pdf\">Ordenan\u00e7a taxa expedici\u00f3 documents administratius<\/a><\/li>\n<li><a href=\"https:\/\/www.rafal.es\/wp-content\/uploads\/2017\/04\/Ordenanza-tasa-IBI.pdf\">Ordenan\u00e7a taxa IBI<\/a><\/li>\n<li><a href=\"https:\/\/www.rafal.es\/wp-content\/uploads\/2017\/04\/Ordenanza-tasa-mesas-y-sillas.pdf\">Ordenan\u00e7a taxa taules i cadires<\/a><\/li>\n<li><a href=\"https:\/\/www.rafal.es\/wp-content\/uploads\/2017\/04\/Ordenanza-tasa-servicio-cementerio2.pdf\">Ordenan\u00e7a taxa servei cementeri<\/a><\/li>\n<li><a href=\"https:\/\/www.rafal.es\/wp-content\/uploads\/2017\/04\/Ordenanza-fiscal-reguladora-de-la-Tasa-por-prestaci\u00f3n-de-servicios-urban\u00edsticos.pdf\">Ordenan\u00e7a taxa per prestacion de serveis urbanisticos<\/a><\/li>\n<li><a href=\"https:\/\/www.rafal.es\/wp-content\/uploads\/2017\/04\/Ordenanza-tasa-prestaci\u00f3n-de-servicio-de-recogida-transporte-y-tratamiento-de-RSU.pdf\">Ordenan\u00e7a taxa prestacion de servei de recollida transporte i tractament de RSU<\/a><\/li>\n<li><a href=\"https:\/\/www.rafal.es\/wp-content\/uploads\/2017\/04\/Ordenanza-tasa-entrada-de-veh\u00edculos-y-vados-permanentes.pdf\">Ordenan\u00e7a taxa entrada de vehicles i guals permanents<\/a><\/li>\n<\/ul>\n<p>&nbsp;<\/p>\n<h2>Ordenances generals<\/h2>\n<ul>\n<li><a href=\"https:\/\/www.rafal.es\/wp-content\/uploads\/2017\/04\/Ordenanzas_antenas.pdf\">Ordenances antenes<\/a><\/li>\n<li><a href=\"https:\/\/www.rafal.es\/wp-content\/uploads\/2017\/04\/Ordenanza_contaminacion_acustica.pdf\">Ordenan\u00e7a contaminaci\u00f3 ac\u00fastica<\/a><\/li>\n<li><a href=\"https:\/\/www.rafal.es\/wp-content\/uploads\/2017\/04\/Ordenanza_buen_gobierno.pdf\">Ordenan\u00e7a bon govern<\/a><\/li>\n<li><a href=\"https:\/\/www.rafal.es\/wp-content\/uploads\/2017\/04\/Ordenanza_circulacion.pdf\">Ordenan\u00e7a circulaci\u00f3<\/a><\/li>\n<li><a href=\"https:\/\/www.rafal.es\/wp-content\/uploads\/2017\/04\/Ordenanza_Comport_Antisocial.pdf\">Ordenan\u00e7a protecci\u00f3 conviv\u00e8ncia ciutadana<\/a><\/li>\n<li><a href=\"https:\/\/www.rafal.es\/wp-content\/uploads\/2017\/04\/Ordenanza_Vallado_limpieza_solares.pdf\">Ordenan\u00e7a del clos i neteja de solars<\/a><\/li>\n<li><a href=\"https:\/\/www.rafal.es\/wp-content\/uploads\/2017\/04\/Ordenanza-servicio-cementerio.pdf\">Ordenan\u00e7a servei cementeri<\/a><\/li>\n<li><a href=\"https:\/\/www.rafal.es\/wp-content\/uploads\/2017\/04\/Ordenanza_subvenciones.pdf\">Ordenan\u00e7a subvencions<\/a><\/li>\n<li><a href=\"https:\/\/www.rafal.es\/wp-content\/uploads\/2017\/04\/Ordenanza_tenencia_animales_peligrosos.pdf\">Ordenan\u00e7a tinen\u00e7a animals perillosos<\/a><\/li>\n<li><a href=\"https:\/\/www.rafal.es\/wp-content\/uploads\/2017\/04\/Ordenanza_limpieza.pdf\">Ordenan\u00e7a de neteja<\/a><\/li>\n<li><a href=\"https:\/\/www.rafal.es\/wp-content\/uploads\/2017\/04\/Ordenanza_vertidos.pdf\">Ordenan\u00e7a abocats<\/a><\/li>\n<li><a href=\"https:\/\/www.rafal.es\/wp-content\/uploads\/2017\/04\/Ordenanza_tenencia_proteccion_animales.pdf\">Ordenan\u00e7a tinen\u00e7a i protecci\u00f3 d&#8217;animals<\/a><\/li>\n<li><a href=\"https:\/\/www.rafal.es\/wp-content\/uploads\/2017\/04\/Ordenanza_bolsa_limpieza.pdf\">Ordenan\u00e7a Borsa Netejador-a<\/a><\/li>\n<li><a href=\"https:\/\/www.rafal.es\/wp-content\/uploads\/2017\/04\/Ordenanza-precios-publicos.pdf\">Ordenan\u00e7a preus p\u00fablics<\/a><\/li>\n<li><a href=\"https:\/\/www.rafal.es\/wp-content\/uploads\/2017\/04\/Reglamento-del-Servicio-de-Ayuda-a-Domicilio.pdf\">Reglament del Servei d&#8217;Ajuda a domicili<\/a><\/li>\n<li><a href=\"https:\/\/www.rafal.es\/wp-content\/uploads\/2017\/04\/Ordenanza-Uso-Administracion-electronica.pdf\">Ordenan\u00e7a Use Administraci\u00f3 Electr\u00f2nica<\/a><\/li>\n<li><a href=\"https:\/\/www.rafal.es\/wp-content\/uploads\/2017\/04\/Ordenanza-venta-no-sedentaria1.pdf\">Ordenan\u00e7a venda no sedent\u00e0ria<\/a><\/li>\n<li><a href=\"https:\/\/www.rafal.es\/wp-content\/uploads\/2017\/04\/Reglamento-de-Honores-y-Distinciones1.pdf\">Reglament d&#8217;Honors i Distincions<\/a><\/li>\n<li><a href=\"https:\/\/www.rafal.es\/wp-content\/uploads\/2017\/04\/Ordenanza-municipal-de-circulaci\u00f3n-adaptadaa-la-Ley-6-2015.pdf\">Ordenan\u00e7a municipal de circulaci\u00f3 adaptada a la Llei 6-2015<\/a><\/li>\n<li><a href=\"https:\/\/www.rafal.es\/wp-content\/uploads\/2017\/04\/Ordenanza-de-instalaci\u00f3n-de-veladores-en-terrazas.pdf\">Ordenan\u00e7a d&#8217;instalacion de vetlladors en terrasses<\/a><\/li>\n<li><a href=\"https:\/\/www.rafal.es\/wp-content\/uploads\/2017\/04\/Ordenanza-de-alcantarillado-y-vertidos-a-la-red-municipal.pdf\">Ordenan\u00e7a de clavegueram i abocaments a la xarxa municipal<\/a><\/li>\n<\/ul>\n","protected":false},"excerpt":{"rendered":"<p>Ordenances fiscals Ordenan\u00e7a IAE Ordenan\u00e7a ICIO Ordenan\u00e7a taxa clavegueram Ordenan\u00e7a taxa caixers autom\u00e0tics Ordenan\u00e7a taxa drets examen Ordenan\u00e7a taxa impost incremente valor terrens Ordenan\u00e7a taxa instal\u00b7laci\u00f3 en terrenys d&#8217;\u00fas p\u00fablic de llocs i atraccions Ordenan\u00e7a taxa llicencia obertura establiments Ordenan\u00e7a taxa llicencia tinen\u00e7a animals perillosos Ordenan\u00e7a taxa ocupaci\u00f3 de terrens \u00fas p\u00fablic enderrocs Ordenan\u00e7a taxa [&hellip;]<\/p>\n","protected":false},"author":1,"featured_media":0,"parent":28334,"menu_order":0,"comment_status":"closed","ping_status":"closed","template":"","meta":{"pgc_meta":"","_et_pb_use_builder":"off","_et_pb_old_content":"","_et_gb_content_width":"","footnotes":""},"aioseo_notices":[],"pgc_meta":"","_links":{"self":[{"href":"https:\/\/www.rafal.es\/ca\/wp-json\/wp\/v2\/pages\/28381"}],"collection":[{"href":"https:\/\/www.rafal.es\/ca\/wp-json\/wp\/v2\/pages"}],"about":[{"href":"https:\/\/www.rafal.es\/ca\/wp-json\/wp\/v2\/types\/page"}],"author":[{"embeddable":true,"href":"https:\/\/www.rafal.es\/ca\/wp-json\/wp\/v2\/users\/1"}],"replies":[{"embeddable":true,"href":"https:\/\/www.rafal.es\/ca\/wp-json\/wp\/v2\/comments?post=28381"}],"version-history":[{"count":0,"href":"https:\/\/www.rafal.es\/ca\/wp-json\/wp\/v2\/pages\/28381\/revisions"}],"up":[{"embeddable":true,"href":"https:\/\/www.rafal.es\/ca\/wp-json\/wp\/v2\/pages\/28334"}],"wp:attachment":[{"href":"https:\/\/www.rafal.es\/ca\/wp-json\/wp\/v2\/media?parent=28381"}],"curies":[{"name":"wp","href":"https:\/\/api.w.org\/{rel}","templated":true}]}}