{"id":28395,"date":"2017-05-15T13:20:01","date_gmt":"2017-05-15T11:20:01","guid":{"rendered":"http:\/\/www.rafal.es\/el-ayuntamiento\/sol%c2%b7licituds-i-impresos\/"},"modified":"2017-05-24T13:11:36","modified_gmt":"2017-05-24T11:11:36","slug":"sol%c2%b7licituds-i-impresos","status":"publish","type":"page","link":"https:\/\/www.rafal.es\/ca\/el-ayuntamiento\/sol%c2%b7licituds-i-impresos\/","title":{"rendered":"Sol\u00b7licituds i impresos"},"content":{"rendered":"<h2>ENLLA\u00c7OS<\/h2>\n<ul>\n<li><a href=\"https:\/\/www.rafal.es\/wp-content\/uploads\/2017\/04\/Solicitud-General-2.pdf\">Sol\u00b7licitud General<\/a><\/li>\n<li><a href=\"https:\/\/www.rafal.es\/wp-content\/uploads\/2017\/04\/Impreso-de-mantenimiento-de-terceros.pdf\">Impr\u00e8s de manteniment de tercers<\/a><\/li>\n<li><a href=\"https:\/\/www.rafal.es\/wp-content\/uploads\/2017\/04\/Solicitud-devolucion-de-ingresos2.pdf\">Sol\u00b7licitud devoluci\u00f3 d&#8217;ingressos<\/a><\/li>\n<li><a href=\"https:\/\/www.rafal.es\/wp-content\/uploads\/2017\/04\/Solicitud-de-endoso.pdf\">Sol\u00b7licitud d&#8217;end\u00f3s<\/a><\/li>\n<li><a href=\"https:\/\/www.rafal.es\/wp-content\/uploads\/2017\/04\/2.-Solicitud-de-certificado-de-bienes.pdf\">Sol\u00b7licitud certificat de b\u00e9ns<\/a><\/li>\n<\/ul>\n<p>Padr\u00f3 municipal<\/p>\n<ul>\n<li><a href=\"https:\/\/www.rafal.es\/wp-content\/uploads\/2017\/04\/Solicitud-alta-padron1.pdf\">Sol\u00b7licitud alta padr\u00f3<\/a><\/li>\n<li><a href=\"https:\/\/www.rafal.es\/wp-content\/uploads\/2017\/04\/Solicitud-renovacion-padronal-representante.pdf\">Sol\u00b7licitud renovaci\u00f3 padronal representant<\/a><\/li>\n<li><a href=\"https:\/\/www.rafal.es\/wp-content\/uploads\/2017\/04\/Autorizacion-padron.pdf\">Autoritzaci\u00f3 padr\u00f3<\/a><\/li>\n<li><a href=\"https:\/\/www.rafal.es\/wp-content\/uploads\/2017\/04\/1.-Solicitud-certificado-empadronamiento.pdf\">Sol\u00b7licitud certificat empadronament<\/a><\/li>\n<li><a href=\"https:\/\/www.rafal.es\/wp-content\/uploads\/2017\/04\/2.-Solicitud-certificado-convivencia.pdf\">Sol\u00b7licitud certificat conviv\u00e8ncia<\/a><\/li>\n<li><a href=\"https:\/\/www.rafal.es\/wp-content\/uploads\/2017\/04\/3.-Solicitud-certificado-hist\u00f3rico.pdf\">Sol\u00b7licitud certificat hist\u00f2ric<\/a><\/li>\n<li><a href=\"https:\/\/www.rafal.es\/wp-content\/uploads\/2017\/04\/4.-Volante-de-empadronamiento-o-convivencia.pdf\">Sol\u00b7licitud volant d&#8217;empadronament o conviv\u00e8ncia<\/a><\/li>\n<\/ul>\n<p>Serveis socials<\/p>\n<ul>\n<li><a href=\"https:\/\/www.rafal.es\/wp-content\/uploads\/2017\/04\/Solicitud-de-Servicio-de-Ayuda-a-Domicilio.pdf\">Sol\u00b7licitud de Servei d&#8217;Ajuda a domicili<\/a><\/li>\n<li><a href=\"https:\/\/www.rafal.es\/wp-content\/uploads\/2017\/04\/Aceptacion-de-Servicio-de-Ayuda-a-Domicilio.pdf\">Acceptaci\u00f3 de Servei d&#8217;Ajuda a domicili<\/a><\/li>\n<\/ul>\n<p>Llic\u00e8ncies<\/p>\n<ul>\n<li><a href=\"https:\/\/www.rafal.es\/wp-content\/uploads\/2017\/04\/Declaracion-Responsable-Ambiental.pdf\">Declaraci\u00f3 Responsable Ambiental<\/a><\/li>\n<li><a href=\"https:\/\/www.rafal.es\/wp-content\/uploads\/2017\/04\/Solicitud-Licencia-de-Segregacion.pdf\">Sol\u00b7licitud Llicencia de Segregaci\u00f3<\/a><\/li>\n<li><a href=\"https:\/\/www.rafal.es\/wp-content\/uploads\/2017\/04\/Solicitud-licencia-primera-ocupacion2.pdf\">Sol\u00b7licitud llicencia de primera ocupaci\u00f3<\/a><\/li>\n<li><a href=\"https:\/\/www.rafal.es\/wp-content\/uploads\/2017\/04\/Solicitud-licencia-segunda-ocupacion2.pdf\">Sol\u00b7licitud llicencia segona ocupaci\u00f3<\/a><\/li>\n<\/ul>\n<p>Guals<\/p>\n<ul>\n<li><a href=\"https:\/\/www.rafal.es\/wp-content\/uploads\/2017\/04\/Solicitud-alta-baja-Vado.pdf\">Sol\u00b7licitud alta-baixa Gual<\/a><\/li>\n<\/ul>\n<p>Mercats<\/p>\n<ul>\n<li><a href=\"https:\/\/www.rafal.es\/wp-content\/uploads\/2017\/04\/Solicitud-venta-mercado.pdf\">Sol\u00b7licitud venda comprat<\/a><\/li>\n<\/ul>\n<p>Ocupaci\u00f3 via p\u00fablica<\/p>\n<ul>\n<li><a href=\"https:\/\/www.rafal.es\/wp-content\/uploads\/2017\/04\/Solicitud-corte-de-calle-1.pdf\">Sol\u00b7licitud talle de carrer<\/a><\/li>\n<li><a href=\"https:\/\/www.rafal.es\/wp-content\/uploads\/2017\/04\/Solicitud-licencia-ocupacion-mesas-y-sillas.pdf\">Sol\u00b7licitud llicencia ocupaci\u00f3 taules i cadires<\/a><\/li>\n<\/ul>\n<p>\u00das d&#8217;instal\u00b7lacions<\/p>\n<ul>\n<li><a href=\"https:\/\/www.rafal.es\/wp-content\/uploads\/2017\/04\/Solicitud-uso-de-instalaciones.pdf\">Sol\u00b7licitud d&#8217;\u00fas d&#8217;instal\u00b7lacions<\/a><\/li>\n<\/ul>\n<p>Informes<\/p>\n<ul>\n<li><a href=\"https:\/\/www.rafal.es\/wp-content\/uploads\/2017\/04\/Solicitud-Informe-Policia.pdf\">Sol\u00b7licitud Informe Policia<\/a><\/li>\n<\/ul>\n<p>Bonificacions<\/p>\n<ul>\n<li><a href=\"https:\/\/www.rafal.es\/wp-content\/uploads\/2017\/04\/Solicitud-bonificacion-basura-y-agua.pdf\">Sol\u00b7licitud bonificaci\u00f3 brossa i aigua<\/a><\/li>\n<\/ul>\n<p>Associacions i empreses<\/p>\n<ul>\n<li><a href=\"https:\/\/www.rafal.es\/wp-content\/uploads\/2017\/04\/Solicitud-Asociaciones.pdf\">Sol\u00b7licitud Associacions<\/a><\/li>\n<li><a href=\"https:\/\/www.rafal.es\/wp-content\/uploads\/2017\/04\/solicitud_inscripcion_listado_empresas.pdf\">Sol\u00b7licitud inscripci\u00f3 llistat empreses<\/a><\/li>\n<\/ul>\n<p>&nbsp;<\/p>\n","protected":false},"excerpt":{"rendered":"<p>ENLLA\u00c7OS Sol\u00b7licitud General Impr\u00e8s de manteniment de tercers Sol\u00b7licitud devoluci\u00f3 d&#8217;ingressos Sol\u00b7licitud d&#8217;end\u00f3s Sol\u00b7licitud certificat de b\u00e9ns Padr\u00f3 municipal Sol\u00b7licitud alta padr\u00f3 Sol\u00b7licitud renovaci\u00f3 padronal representant Autoritzaci\u00f3 padr\u00f3 Sol\u00b7licitud certificat empadronament Sol\u00b7licitud certificat conviv\u00e8ncia Sol\u00b7licitud certificat hist\u00f2ric Sol\u00b7licitud volant d&#8217;empadronament o conviv\u00e8ncia Serveis socials Sol\u00b7licitud de Servei d&#8217;Ajuda a domicili Acceptaci\u00f3 de Servei d&#8217;Ajuda a [&hellip;]<\/p>\n","protected":false},"author":3,"featured_media":0,"parent":28334,"menu_order":0,"comment_status":"closed","ping_status":"closed","template":"","meta":{"pgc_meta":"","_et_pb_use_builder":"","_et_pb_old_content":"","_et_gb_content_width":"","footnotes":""},"aioseo_notices":[],"pgc_meta":"","_links":{"self":[{"href":"https:\/\/www.rafal.es\/ca\/wp-json\/wp\/v2\/pages\/28395"}],"collection":[{"href":"https:\/\/www.rafal.es\/ca\/wp-json\/wp\/v2\/pages"}],"about":[{"href":"https:\/\/www.rafal.es\/ca\/wp-json\/wp\/v2\/types\/page"}],"author":[{"embeddable":true,"href":"https:\/\/www.rafal.es\/ca\/wp-json\/wp\/v2\/users\/3"}],"replies":[{"embeddable":true,"href":"https:\/\/www.rafal.es\/ca\/wp-json\/wp\/v2\/comments?post=28395"}],"version-history":[{"count":0,"href":"https:\/\/www.rafal.es\/ca\/wp-json\/wp\/v2\/pages\/28395\/revisions"}],"up":[{"embeddable":true,"href":"https:\/\/www.rafal.es\/ca\/wp-json\/wp\/v2\/pages\/28334"}],"wp:attachment":[{"href":"https:\/\/www.rafal.es\/ca\/wp-json\/wp\/v2\/media?parent=28395"}],"curies":[{"name":"wp","href":"https:\/\/api.w.org\/{rel}","templated":true}]}}